{"id":336,"date":"2018-12-21T15:20:11","date_gmt":"2018-12-21T15:20:11","guid":{"rendered":"http:\/\/visitur.incubaliadev.com\/?page_id=336"},"modified":"2021-07-22T07:52:11","modified_gmt":"2021-07-22T05:52:11","slug":"itineraris","status":"publish","type":"page","link":"https:\/\/visitur.es\/ca\/itineraris\/","title":{"rendered":"Itineraris"},"content":{"rendered":"\t\t<div data-elementor-type=\"wp-post\" data-elementor-id=\"336\" class=\"elementor elementor-336\" data-elementor-post-type=\"page\">\n\t\t\t\t\t\t<section class=\"th-parallax elementor-section elementor-top-section elementor-element elementor-element-221bf17 elementor-section-full_width elementor-section-height-min-height elementor-section-height-default elementor-section-items-middle\" data-parallax=\"scroll\" data-image-src=\"https:\/\/visitur.es\/wp-content\/uploads\/2018\/12\/panoram1.jpg\" data-id=\"221bf17\" data-element_type=\"section\" data-settings=\"{&quot;background_background&quot;:&quot;classic&quot;}\">\n\t\t\t\t\t\t\t<div class=\"elementor-background-overlay\"><\/div>\n\t\t\t\t\t\t\t<div class=\"elementor-container elementor-column-gap-default\">\n\t\t\t\t\t<div class=\"elementor-column elementor-col-100 elementor-top-column elementor-element elementor-element-c9de5e4\" data-id=\"c9de5e4\" data-element_type=\"column\">\n\t\t\t<div class=\"elementor-widget-wrap elementor-element-populated\">\n\t\t\t\t\t\t<div class=\"elementor-element elementor-element-8f443ac elementor-widget elementor-widget-heading\" data-id=\"8f443ac\" data-element_type=\"widget\" data-widget_type=\"heading.default\">\n\t\t\t\t<div class=\"elementor-widget-container\">\n\t\t\t<h2 class=\"elementor-heading-title elementor-size-default\">Itineraris<\/h2>\t\t<\/div>\n\t\t\t\t<\/div>\n\t\t\t\t\t<\/div>\n\t\t<\/div>\n\t\t\t\t\t<\/div>\n\t\t<\/section>\n\t\t\t\t<section class=\"elementor-section elementor-top-section elementor-element elementor-element-28b2ec9 elementor-section-boxed elementor-section-height-default elementor-section-height-default\" data-id=\"28b2ec9\" data-element_type=\"section\">\n\t\t\t\t\t\t<div class=\"elementor-container elementor-column-gap-default\">\n\t\t\t\t\t<div class=\"elementor-column elementor-col-100 elementor-top-column elementor-element elementor-element-3005e9f\" data-id=\"3005e9f\" data-element_type=\"column\">\n\t\t\t<div class=\"elementor-widget-wrap elementor-element-populated\">\n\t\t\t\t\t\t<div class=\"elementor-element elementor-element-351e845 elementor-widget elementor-widget-spacer\" data-id=\"351e845\" data-element_type=\"widget\" data-widget_type=\"spacer.default\">\n\t\t\t\t<div class=\"elementor-widget-container\">\n\t\t\t\t\t<div class=\"elementor-spacer\">\n\t\t\t<div class=\"elementor-spacer-inner\"><\/div>\n\t\t<\/div>\n\t\t\t\t<\/div>\n\t\t\t\t<\/div>\n\t\t\t\t<div class=\"elementor-element elementor-element-805f273 elementor-posts--align-left elementor-grid-3 elementor-grid-tablet-2 elementor-grid-mobile-1 elementor-posts--thumbnail-top elementor-card-shadow-yes elementor-posts__hover-gradient elementor-widget elementor-widget-posts\" data-id=\"805f273\" data-element_type=\"widget\" data-settings=\"{&quot;cards_row_gap&quot;:{&quot;unit&quot;:&quot;px&quot;,&quot;size&quot;:30,&quot;sizes&quot;:[]},&quot;pagination_type&quot;:&quot;numbers_and_prev_next&quot;,&quot;cards_columns&quot;:&quot;3&quot;,&quot;cards_columns_tablet&quot;:&quot;2&quot;,&quot;cards_columns_mobile&quot;:&quot;1&quot;,&quot;cards_row_gap_tablet&quot;:{&quot;unit&quot;:&quot;px&quot;,&quot;size&quot;:&quot;&quot;,&quot;sizes&quot;:[]},&quot;cards_row_gap_mobile&quot;:{&quot;unit&quot;:&quot;px&quot;,&quot;size&quot;:&quot;&quot;,&quot;sizes&quot;:[]}}\" data-widget_type=\"posts.cards\">\n\t\t\t\t<div class=\"elementor-widget-container\">\n\t\t\t\t\t<div class=\"elementor-posts-container elementor-posts elementor-posts--skin-cards elementor-grid\">\n\t\t\t\t<article class=\"elementor-post elementor-grid-item post-172 product type-product status-publish has-post-thumbnail product_cat-itinerari-destacat product_cat-tortosa first instock featured virtual sold-individually purchasable product-type-booking\">\n\t\t\t<div class=\"elementor-post__card\">\n\t\t\t\t<a class=\"elementor-post__thumbnail__link\" href=\"https:\/\/visitur.es\/ca\/itinerari\/catedral-de-santa-maria\/\" tabindex=\"-1\" ><div class=\"elementor-post__thumbnail\"><img fetchpriority=\"high\" decoding=\"async\" width=\"605\" height=\"465\" src=\"https:\/\/visitur.es\/wp-content\/uploads\/2023\/03\/Tortosa_Cathedral_2022_-_west_fa\u00e7ade-605x465.jpg\" class=\"attachment-th_img_md_landscape size-th_img_md_landscape wp-image-2691\" alt=\"\" srcset=\"https:\/\/visitur.es\/wp-content\/uploads\/2023\/03\/Tortosa_Cathedral_2022_-_west_fa\u00e7ade-605x465.jpg 605w, https:\/\/visitur.es\/wp-content\/uploads\/2023\/03\/Tortosa_Cathedral_2022_-_west_fa\u00e7ade-394x303.jpg 394w\" sizes=\"(max-width: 605px) 100vw, 605px\" \/><\/div><\/a>\n\t\t\t\t<div class=\"elementor-post__badge\">Itinerari destacat<\/div>\n\t\t\t\t<div class=\"elementor-post__text\">\n\t\t\t\t<h3 class=\"elementor-post__title\">\n\t\t\t<a href=\"https:\/\/visitur.es\/ca\/itinerari\/catedral-de-santa-maria\/\" >\n\t\t\t\tCatedral de Santa Maria\t\t\t<\/a>\n\t\t<\/h3>\n\t\t\t\t<div class=\"elementor-post__excerpt\">\n\t\t\t<p>Sorprenent visita, inclou tot el conjunt catedralici iniciat al segle XII amb les sales i<\/p>\n\t\t<\/div>\n\t\t\n\t\t<a class=\"elementor-post__read-more\" href=\"https:\/\/visitur.es\/ca\/itinerari\/catedral-de-santa-maria\/\" aria-label=\"Read more about Catedral de Santa Maria\" tabindex=\"-1\" >\n\t\t\tM\u00e9s informaci\u00f3 \u00bb\t\t<\/a>\n\n\t\t\t\t<\/div>\n\t\t\t\t\t<\/div>\n\t\t<\/article>\n\t\t\t\t<article class=\"elementor-post elementor-grid-item post-2158 product type-product status-publish has-post-thumbnail product_cat-itinerari-destacat product_cat-tortosa  instock virtual sold-individually purchasable product-type-booking\">\n\t\t\t<div class=\"elementor-post__card\">\n\t\t\t\t<a class=\"elementor-post__thumbnail__link\" href=\"https:\/\/visitur.es\/ca\/itinerari\/tour-general-amb-reserva\/\" tabindex=\"-1\" ><div class=\"elementor-post__thumbnail\"><img decoding=\"async\" width=\"605\" height=\"465\" src=\"https:\/\/visitur.es\/wp-content\/uploads\/2023\/03\/1-tortosa-un-dia-ds-605x465.jpg\" class=\"attachment-th_img_md_landscape size-th_img_md_landscape wp-image-2673\" alt=\"\" srcset=\"https:\/\/visitur.es\/wp-content\/uploads\/2023\/03\/1-tortosa-un-dia-ds-605x465.jpg 605w, https:\/\/visitur.es\/wp-content\/uploads\/2023\/03\/1-tortosa-un-dia-ds-394x303.jpg 394w\" sizes=\"(max-width: 605px) 100vw, 605px\" \/><\/div><\/a>\n\t\t\t\t<div class=\"elementor-post__badge\">Itinerari destacat<\/div>\n\t\t\t\t<div class=\"elementor-post__text\">\n\t\t\t\t<h3 class=\"elementor-post__title\">\n\t\t\t<a href=\"https:\/\/visitur.es\/ca\/itinerari\/tour-general-amb-reserva\/\" >\n\t\t\t\tTour General &#8211; Diari\t\t\t<\/a>\n\t\t<\/h3>\n\t\t\t\t<div class=\"elementor-post__excerpt\">\n\t\t\t<p>VISITA AMB PRE-RESERVA. Visita per gaudir d\u2019un recorregut pels llocs m\u00e9s \u00a0emblem\u00e0tics de la Tortosa<\/p>\n\t\t<\/div>\n\t\t\n\t\t<a class=\"elementor-post__read-more\" href=\"https:\/\/visitur.es\/ca\/itinerari\/tour-general-amb-reserva\/\" aria-label=\"Read more about Tour General &#8211; Diari\" tabindex=\"-1\" >\n\t\t\tM\u00e9s informaci\u00f3 \u00bb\t\t<\/a>\n\n\t\t\t\t<\/div>\n\t\t\t\t\t<\/div>\n\t\t<\/article>\n\t\t\t\t<article class=\"elementor-post elementor-grid-item post-230 product type-product status-publish has-post-thumbnail product_cat-itinerari-destacat product_cat-tortosa  instock virtual sold-individually purchasable product-type-booking\">\n\t\t\t<div class=\"elementor-post__card\">\n\t\t\t\t<a class=\"elementor-post__thumbnail__link\" href=\"https:\/\/visitur.es\/ca\/itinerari\/tour-general\/\" tabindex=\"-1\" ><div class=\"elementor-post__thumbnail\"><img decoding=\"async\" width=\"605\" height=\"465\" src=\"https:\/\/visitur.es\/wp-content\/uploads\/2018\/12\/magia-605x465.jpg\" class=\"attachment-th_img_md_landscape size-th_img_md_landscape wp-image-1396\" alt=\"visites temporalment suspeses per Covid 19\" srcset=\"https:\/\/visitur.es\/wp-content\/uploads\/2018\/12\/magia-605x465.jpg 605w, https:\/\/visitur.es\/wp-content\/uploads\/2018\/12\/magia-394x303.jpg 394w\" sizes=\"(max-width: 605px) 100vw, 605px\" \/><\/div><\/a>\n\t\t\t\t<div class=\"elementor-post__badge\">Itinerari destacat<\/div>\n\t\t\t\t<div class=\"elementor-post__text\">\n\t\t\t\t<h3 class=\"elementor-post__title\">\n\t\t\t<a href=\"https:\/\/visitur.es\/ca\/itinerari\/tour-general\/\" >\n\t\t\t\tTour General\t\t\t<\/a>\n\t\t<\/h3>\n\t\t\t\t<div class=\"elementor-post__excerpt\">\n\t\t\t<p>Intensa visita per gaudir d\u2019un recorregut pels llocs m\u00e9s \u00a0emblem\u00e0tics de la Tortosa hist\u00f2rica, comen\u00e7ant<\/p>\n\t\t<\/div>\n\t\t\n\t\t<a class=\"elementor-post__read-more\" href=\"https:\/\/visitur.es\/ca\/itinerari\/tour-general\/\" aria-label=\"Read more about Tour General\" tabindex=\"-1\" >\n\t\t\tM\u00e9s informaci\u00f3 \u00bb\t\t<\/a>\n\n\t\t\t\t<\/div>\n\t\t\t\t\t<\/div>\n\t\t<\/article>\n\t\t\t\t<article class=\"elementor-post elementor-grid-item post-352 product type-product status-publish has-post-thumbnail product_cat-itinerari-destacat product_cat-tortosa last instock virtual sold-individually purchasable product-type-booking\">\n\t\t\t<div class=\"elementor-post__card\">\n\t\t\t\t<a class=\"elementor-post__thumbnail__link\" href=\"https:\/\/visitur.es\/ca\/itinerari\/tour-general-sirgador\/\" tabindex=\"-1\" ><div class=\"elementor-post__thumbnail\"><img loading=\"lazy\" decoding=\"async\" width=\"605\" height=\"465\" src=\"https:\/\/visitur.es\/wp-content\/uploads\/2018\/12\/panoramiques-4-605x465.jpg\" class=\"attachment-th_img_md_landscape size-th_img_md_landscape wp-image-681\" alt=\"\" srcset=\"https:\/\/visitur.es\/wp-content\/uploads\/2018\/12\/panoramiques-4-605x465.jpg 605w, https:\/\/visitur.es\/wp-content\/uploads\/2018\/12\/panoramiques-4-394x303.jpg 394w\" sizes=\"(max-width: 605px) 100vw, 605px\" \/><\/div><\/a>\n\t\t\t\t<div class=\"elementor-post__badge\">Itinerari destacat<\/div>\n\t\t\t\t<div class=\"elementor-post__text\">\n\t\t\t\t<h3 class=\"elementor-post__title\">\n\t\t\t<a href=\"https:\/\/visitur.es\/ca\/itinerari\/tour-general-sirgador\/\" >\n\t\t\t\tNavegaci\u00f3 per l&#8217;Ebre amb Lo Sirgador\t\t\t<\/a>\n\t\t<\/h3>\n\t\t\t\t<div class=\"elementor-post__excerpt\">\n\t\t\t<p>Visita de 90 minuts per gaudir d\u2019un recorregut pels llocs m\u00e9s \u00a0emblem\u00e0tics de la Tortosa<\/p>\n\t\t<\/div>\n\t\t\n\t\t<a class=\"elementor-post__read-more\" href=\"https:\/\/visitur.es\/ca\/itinerari\/tour-general-sirgador\/\" aria-label=\"Read more about Navegaci\u00f3 per l&#8217;Ebre amb Lo Sirgador\" tabindex=\"-1\" >\n\t\t\tM\u00e9s informaci\u00f3 \u00bb\t\t<\/a>\n\n\t\t\t\t<\/div>\n\t\t\t\t\t<\/div>\n\t\t<\/article>\n\t\t\t\t<article class=\"elementor-post elementor-grid-item post-344 product type-product status-publish has-post-thumbnail product_cat-tortosa first instock shipping-taxable product-type-simple\">\n\t\t\t<div class=\"elementor-post__card\">\n\t\t\t\t<a class=\"elementor-post__thumbnail__link\" href=\"https:\/\/visitur.es\/ca\/itinerari\/muralles-i-fortificacions-de-la-ciutat\/\" tabindex=\"-1\" ><div class=\"elementor-post__thumbnail\"><img loading=\"lazy\" decoding=\"async\" width=\"605\" height=\"465\" src=\"https:\/\/visitur.es\/wp-content\/uploads\/2018\/12\/PARADOR-2-605x465.jpg\" class=\"attachment-th_img_md_landscape size-th_img_md_landscape wp-image-292\" alt=\"Castell Zuda\" srcset=\"https:\/\/visitur.es\/wp-content\/uploads\/2018\/12\/PARADOR-2-605x465.jpg 605w, https:\/\/visitur.es\/wp-content\/uploads\/2018\/12\/PARADOR-2-394x303.jpg 394w\" sizes=\"(max-width: 605px) 100vw, 605px\" \/><\/div><\/a>\n\t\t\t\t<div class=\"elementor-post__badge\">Tortosa<\/div>\n\t\t\t\t<div class=\"elementor-post__text\">\n\t\t\t\t<h3 class=\"elementor-post__title\">\n\t\t\t<a href=\"https:\/\/visitur.es\/ca\/itinerari\/muralles-i-fortificacions-de-la-ciutat\/\" >\n\t\t\t\tMuralles i fortificacions de la ciutat\t\t\t<\/a>\n\t\t<\/h3>\n\t\t\t\t<div class=\"elementor-post__excerpt\">\n\t\t\t<p>Es tracta de donar a con\u00e8ixer una bona part dels 6 km de fortificacions que<\/p>\n\t\t<\/div>\n\t\t\n\t\t<a class=\"elementor-post__read-more\" href=\"https:\/\/visitur.es\/ca\/itinerari\/muralles-i-fortificacions-de-la-ciutat\/\" aria-label=\"Read more about Muralles i fortificacions de la ciutat\" tabindex=\"-1\" >\n\t\t\tM\u00e9s informaci\u00f3 \u00bb\t\t<\/a>\n\n\t\t\t\t<\/div>\n\t\t\t\t\t<\/div>\n\t\t<\/article>\n\t\t\t\t<\/div>\n\t\t\n\t\t\t\t<\/div>\n\t\t\t\t<\/div>\n\t\t\t\t<div class=\"elementor-element elementor-element-ccaa203 elementor-widget elementor-widget-spacer\" data-id=\"ccaa203\" data-element_type=\"widget\" data-widget_type=\"spacer.default\">\n\t\t\t\t<div class=\"elementor-widget-container\">\n\t\t\t\t\t<div class=\"elementor-spacer\">\n\t\t\t<div class=\"elementor-spacer-inner\"><\/div>\n\t\t<\/div>\n\t\t\t\t<\/div>\n\t\t\t\t<\/div>\n\t\t\t\t\t<\/div>\n\t\t<\/div>\n\t\t\t\t\t<\/div>\n\t\t<\/section>\n\t\t\t\t<\/div>\n\t\t","protected":false},"excerpt":{"rendered":"","protected":false},"author":1,"featured_media":293,"parent":0,"menu_order":0,"comment_status":"closed","ping_status":"closed","template":"","meta":{"footnotes":""},"class_list":["post-336","page","type-page","status-publish","has-post-thumbnail","hentry"],"_links":{"self":[{"href":"https:\/\/visitur.es\/ca\/wp-json\/wp\/v2\/pages\/336"}],"collection":[{"href":"https:\/\/visitur.es\/ca\/wp-json\/wp\/v2\/pages"}],"about":[{"href":"https:\/\/visitur.es\/ca\/wp-json\/wp\/v2\/types\/page"}],"author":[{"embeddable":true,"href":"https:\/\/visitur.es\/ca\/wp-json\/wp\/v2\/users\/1"}],"replies":[{"embeddable":true,"href":"https:\/\/visitur.es\/ca\/wp-json\/wp\/v2\/comments?post=336"}],"version-history":[{"count":6,"href":"https:\/\/visitur.es\/ca\/wp-json\/wp\/v2\/pages\/336\/revisions"}],"predecessor-version":[{"id":1787,"href":"https:\/\/visitur.es\/ca\/wp-json\/wp\/v2\/pages\/336\/revisions\/1787"}],"wp:featuredmedia":[{"embeddable":true,"href":"https:\/\/visitur.es\/ca\/wp-json\/wp\/v2\/media\/293"}],"wp:attachment":[{"href":"https:\/\/visitur.es\/ca\/wp-json\/wp\/v2\/media?parent=336"}],"curies":[{"name":"wp","href":"https:\/\/api.w.org\/{rel}","templated":true}]}}